{"id":2375,"date":"2020-06-29T11:48:23","date_gmt":"2020-06-29T11:48:23","guid":{"rendered":"http:\/\/www.maler-team.ch\/?page_id=2375"},"modified":"2020-06-29T11:50:45","modified_gmt":"2020-06-29T11:50:45","slug":"elementor-2375","status":"publish","type":"page","link":"https:\/\/www.maler-team.ch\/?page_id=2375","title":{"rendered":"Impressum"},"content":{"rendered":"\t\t<div data-elementor-type=\"wp-post\" data-elementor-id=\"2375\" class=\"elementor elementor-2375\">\n\t\t\t\t\t\t<section class=\"elementor-section elementor-top-section elementor-element elementor-element-35de0c6 elementor-section-boxed elementor-section-height-default elementor-section-height-default\" data-id=\"35de0c6\" data-element_type=\"section\" data-e-type=\"section\">\n\t\t\t\t\t\t<div class=\"elementor-container elementor-column-gap-default\">\n\t\t\t\t\t<div class=\"elementor-column elementor-col-100 elementor-top-column elementor-element elementor-element-fba3f43\" data-id=\"fba3f43\" data-element_type=\"column\" data-e-type=\"column\">\n\t\t\t<div class=\"elementor-widget-wrap elementor-element-populated\">\n\t\t\t\t\t\t<div class=\"elementor-element elementor-element-0c92a58 elementor-widget elementor-widget-text-editor\" data-id=\"0c92a58\" data-element_type=\"widget\" data-e-type=\"widget\" data-widget_type=\"text-editor.default\">\n\t\t\t\t<div class=\"elementor-widget-container\">\n\t\t\t\t\t\t\t\t\t<p><strong>Kontakt-Adresse<\/strong><\/p><p>Malergesch\u00e4ft<br \/>Juergen Michel<br \/>Haeckiweg 12<br \/>8264 Eschenz<br \/>Schweiz<\/p><p>E-Mail:<br \/>michel@maler-team.ch<\/p><p><strong>Vertretungsberechtigte Person(en)<\/strong><\/p><p>Juergen Michel, Gesch\u00e4ftsf\u00fchrer<\/p><p><strong>Mehrwertsteuer-Nummer<\/strong><br \/>CHE-113.643.231<\/p><p><strong>Haftungsausschluss<\/strong><\/p><p>Der Autor \u00fcbernimmt keinerlei Gew\u00e4hr hinsichtlich der inhaltlichen Richtigkeit, Genauigkeit, Aktualit\u00e4t, Zuverl\u00e4ssigkeit und Vollst\u00e4ndigkeit der Informationen.<\/p><p>Haftungsanspr\u00fcche gegen den Autor wegen Sch\u00e4den materieller oder immaterieller Art, welche aus dem Zugriff oder der Nutzung bzw. Nichtnutzung der ver\u00f6ffentlichten Informationen, durch Missbrauch der Verbindung oder durch technische St\u00f6rungen entstanden sind, werden ausgeschlossen.<\/p><p>Alle Angebote sind unverbindlich. Der Autor beh\u00e4lt es sich ausdr\u00fccklich vor, Teile der Seiten oder das gesamte Angebot ohne besondere Ank\u00fcndigung zu ver\u00e4ndern, zu erg\u00e4nzen, zu l\u00f6schen oder die Ver\u00f6ffentlichung zeitweise oder endg\u00fcltig einzustellen.<\/p><p><strong>Haftungsausschluss f\u00fcr Links<\/strong><\/p><p>Verweise und Links auf Webseiten Dritter liegen ausserhalb unseres Verantwortungsbereichs. Es wird jegliche Verantwortung f\u00fcr solche Webseiten abgelehnt. Der Zugriff und die Nutzung solcher Webseiten erfolgen auf eigene Gefahr des jeweiligen Nutzers.<\/p><p><strong>Urheberrechte<\/strong><\/p><p>Die Urheber- und alle anderen Rechte an Inhalten, Bildern, Fotos oder anderen Dateien auf dieser Website, geh\u00f6ren ausschliesslich\u00a0<strong>Juergen Michel<\/strong>\u00a0oder den speziell genannten Rechteinhabern. F\u00fcr die Reproduktion jeglicher Elemente ist die schriftliche Zustimmung des Urheberrechtstr\u00e4gers im Voraus einzuholen.<\/p><p>Quelle:\u00a0<a href=\"https:\/\/www.swissanwalt.ch\/\" target=\"_blank\" rel=\"noopener\">SwissAnwalt<\/a><\/p>\t\t\t\t\t\t\t\t<\/div>\n\t\t\t\t<\/div>\n\t\t\t\t\t<\/div>\n\t\t<\/div>\n\t\t\t\t\t<\/div>\n\t\t<\/section>\n\t\t\t\t<\/div>\n\t\t","protected":false},"excerpt":{"rendered":"<p>Kontakt-Adresse Malergesch\u00e4ft Juergen Michel Haeckiweg 12 8264 Eschenz Schweiz E-Mail: michel@maler-team.ch Vertretungsberechtigte Person(en) Juergen Michel, Gesch\u00e4ftsf\u00fchrer Mehrwertsteuer-Nummer CHE-113.643.231 Haftungsausschluss Der Autor \u00fcbernimmt keinerlei Gew\u00e4hr hinsichtlich der inhaltlichen Richtigkeit, Genauigkeit, Aktualit\u00e4t, Zuverl\u00e4ssigkeit und Vollst\u00e4ndigkeit der Informationen. Haftungsanspr\u00fcche gegen den Autor wegen Sch\u00e4den materieller oder immaterieller Art, welche aus dem Zugriff oder der Nutzung bzw. Nichtnutzung der [&hellip;]<\/p>\n","protected":false},"author":1,"featured_media":0,"parent":0,"menu_order":0,"comment_status":"closed","ping_status":"closed","template":"","meta":{"ocean_post_layout":"","ocean_both_sidebars_style":"","ocean_both_sidebars_content_width":0,"ocean_both_sidebars_sidebars_width":0,"ocean_sidebar":"0","ocean_second_sidebar":"0","ocean_disable_margins":"enable","ocean_add_body_class":"","ocean_shortcode_before_top_bar":"","ocean_shortcode_after_top_bar":"","ocean_shortcode_before_header":"","ocean_shortcode_after_header":"","ocean_has_shortcode":"","ocean_shortcode_after_title":"","ocean_shortcode_before_footer_widgets":"","ocean_shortcode_after_footer_widgets":"","ocean_shortcode_before_footer_bottom":"","ocean_shortcode_after_footer_bottom":"","ocean_display_top_bar":"default","ocean_display_header":"default","ocean_header_style":"","ocean_center_header_left_menu":"0","ocean_custom_header_template":"0","ocean_custom_logo":0,"ocean_custom_retina_logo":0,"ocean_custom_logo_max_width":0,"ocean_custom_logo_tablet_max_width":0,"ocean_custom_logo_mobile_max_width":0,"ocean_custom_logo_max_height":0,"ocean_custom_logo_tablet_max_height":0,"ocean_custom_logo_mobile_max_height":0,"ocean_header_custom_menu":"0","ocean_menu_typo_font_family":"0","ocean_menu_typo_font_subset":"","ocean_menu_typo_font_size":0,"ocean_menu_typo_font_size_tablet":0,"ocean_menu_typo_font_size_mobile":0,"ocean_menu_typo_font_size_unit":"px","ocean_menu_typo_font_weight":"","ocean_menu_typo_font_weight_tablet":"","ocean_menu_typo_font_weight_mobile":"","ocean_menu_typo_transform":"","ocean_menu_typo_transform_tablet":"","ocean_menu_typo_transform_mobile":"","ocean_menu_typo_line_height":0,"ocean_menu_typo_line_height_tablet":0,"ocean_menu_typo_line_height_mobile":0,"ocean_menu_typo_line_height_unit":"","ocean_menu_typo_spacing":0,"ocean_menu_typo_spacing_tablet":0,"ocean_menu_typo_spacing_mobile":0,"ocean_menu_typo_spacing_unit":"","ocean_menu_link_color":"","ocean_menu_link_color_hover":"","ocean_menu_link_color_active":"","ocean_menu_link_background":"","ocean_menu_link_hover_background":"","ocean_menu_link_active_background":"","ocean_menu_social_links_bg":"","ocean_menu_social_hover_links_bg":"","ocean_menu_social_links_color":"","ocean_menu_social_hover_links_color":"","ocean_disable_title":"default","ocean_disable_heading":"default","ocean_post_title":"","ocean_post_subheading":"","ocean_post_title_style":"","ocean_post_title_background_color":"","ocean_post_title_background":0,"ocean_post_title_bg_image_position":"","ocean_post_title_bg_image_attachment":"","ocean_post_title_bg_image_repeat":"","ocean_post_title_bg_image_size":"","ocean_post_title_height":0,"ocean_post_title_bg_overlay":0.5,"ocean_post_title_bg_overlay_color":"","ocean_disable_breadcrumbs":"default","ocean_breadcrumbs_color":"","ocean_breadcrumbs_separator_color":"","ocean_breadcrumbs_links_color":"","ocean_breadcrumbs_links_hover_color":"","ocean_display_footer_widgets":"default","ocean_display_footer_bottom":"default","ocean_custom_footer_template":"0","footnotes":""},"class_list":["post-2375","page","type-page","status-publish","hentry","entry"],"yoast_head":"<!-- This site is optimized with the Yoast SEO plugin v27.5 - https:\/\/yoast.com\/product\/yoast-seo-wordpress\/ -->\n<title>Impressum - j. michel malergesch\u00e4ft<\/title>\n<meta name=\"robots\" content=\"index, follow, max-snippet:-1, max-image-preview:large, max-video-preview:-1\" \/>\n<link rel=\"canonical\" href=\"https:\/\/www.maler-team.ch\/?page_id=2375\" \/>\n<meta property=\"og:locale\" content=\"de_DE\" \/>\n<meta property=\"og:type\" content=\"article\" \/>\n<meta property=\"og:title\" content=\"Impressum - j. michel malergesch\u00e4ft\" \/>\n<meta property=\"og:description\" content=\"Kontakt-Adresse Malergesch\u00e4ft Juergen Michel Haeckiweg 12 8264 Eschenz Schweiz E-Mail: michel@maler-team.ch Vertretungsberechtigte Person(en) Juergen Michel, Gesch\u00e4ftsf\u00fchrer Mehrwertsteuer-Nummer CHE-113.643.231 Haftungsausschluss Der Autor \u00fcbernimmt keinerlei Gew\u00e4hr hinsichtlich der inhaltlichen Richtigkeit, Genauigkeit, Aktualit\u00e4t, Zuverl\u00e4ssigkeit und Vollst\u00e4ndigkeit der Informationen. Haftungsanspr\u00fcche gegen den Autor wegen Sch\u00e4den materieller oder immaterieller Art, welche aus dem Zugriff oder der Nutzung bzw. Nichtnutzung der [&hellip;]\" \/>\n<meta property=\"og:url\" content=\"https:\/\/www.maler-team.ch\/?page_id=2375\" \/>\n<meta property=\"og:site_name\" content=\"j. michel malergesch\u00e4ft\" \/>\n<meta property=\"article:modified_time\" content=\"2020-06-29T11:50:45+00:00\" \/>\n<meta name=\"twitter:card\" content=\"summary_large_image\" \/>\n<meta name=\"twitter:label1\" content=\"Gesch\u00e4tzte Lesezeit\" \/>\n\t<meta name=\"twitter:data1\" content=\"1\u00a0Minute\" \/>\n<script type=\"application\/ld+json\" class=\"yoast-schema-graph\">{\"@context\":\"https:\\\/\\\/schema.org\",\"@graph\":[{\"@type\":\"WebPage\",\"@id\":\"https:\\\/\\\/www.maler-team.ch\\\/?page_id=2375\",\"url\":\"https:\\\/\\\/www.maler-team.ch\\\/?page_id=2375\",\"name\":\"Impressum - j. michel malergesch\u00e4ft\",\"isPartOf\":{\"@id\":\"https:\\\/\\\/www.maler-team.ch\\\/#website\"},\"datePublished\":\"2020-06-29T11:48:23+00:00\",\"dateModified\":\"2020-06-29T11:50:45+00:00\",\"breadcrumb\":{\"@id\":\"https:\\\/\\\/www.maler-team.ch\\\/?page_id=2375#breadcrumb\"},\"inLanguage\":\"de\",\"potentialAction\":[{\"@type\":\"ReadAction\",\"target\":[\"https:\\\/\\\/www.maler-team.ch\\\/?page_id=2375\"]}]},{\"@type\":\"BreadcrumbList\",\"@id\":\"https:\\\/\\\/www.maler-team.ch\\\/?page_id=2375#breadcrumb\",\"itemListElement\":[{\"@type\":\"ListItem\",\"position\":1,\"name\":\"Startseite\",\"item\":\"https:\\\/\\\/www.maler-team.ch\\\/\"},{\"@type\":\"ListItem\",\"position\":2,\"name\":\"Impressum\"}]},{\"@type\":\"WebSite\",\"@id\":\"https:\\\/\\\/www.maler-team.ch\\\/#website\",\"url\":\"https:\\\/\\\/www.maler-team.ch\\\/\",\"name\":\"j. michel malergesch\u00e4ft\",\"description\":\"\",\"publisher\":{\"@id\":\"https:\\\/\\\/www.maler-team.ch\\\/#organization\"},\"potentialAction\":[{\"@type\":\"SearchAction\",\"target\":{\"@type\":\"EntryPoint\",\"urlTemplate\":\"https:\\\/\\\/www.maler-team.ch\\\/?s={search_term_string}\"},\"query-input\":{\"@type\":\"PropertyValueSpecification\",\"valueRequired\":true,\"valueName\":\"search_term_string\"}}],\"inLanguage\":\"de\"},{\"@type\":\"Organization\",\"@id\":\"https:\\\/\\\/www.maler-team.ch\\\/#organization\",\"name\":\"J. Michel Malergesch\u00e4ft\",\"url\":\"https:\\\/\\\/www.maler-team.ch\\\/\",\"logo\":{\"@type\":\"ImageObject\",\"inLanguage\":\"de\",\"@id\":\"https:\\\/\\\/www.maler-team.ch\\\/#\\\/schema\\\/logo\\\/image\\\/\",\"url\":\"http:\\\/\\\/www.maler-team.ch\\\/wp-content\\\/uploads\\\/2020\\\/05\\\/Logo-juergen-scaled.jpg\",\"contentUrl\":\"http:\\\/\\\/www.maler-team.ch\\\/wp-content\\\/uploads\\\/2020\\\/05\\\/Logo-juergen-scaled.jpg\",\"width\":2560,\"height\":542,\"caption\":\"J. Michel Malergesch\u00e4ft\"},\"image\":{\"@id\":\"https:\\\/\\\/www.maler-team.ch\\\/#\\\/schema\\\/logo\\\/image\\\/\"}}]}<\/script>\n<!-- \/ Yoast SEO plugin. -->","yoast_head_json":{"title":"Impressum - j. michel malergesch\u00e4ft","robots":{"index":"index","follow":"follow","max-snippet":"max-snippet:-1","max-image-preview":"max-image-preview:large","max-video-preview":"max-video-preview:-1"},"canonical":"https:\/\/www.maler-team.ch\/?page_id=2375","og_locale":"de_DE","og_type":"article","og_title":"Impressum - j. michel malergesch\u00e4ft","og_description":"Kontakt-Adresse Malergesch\u00e4ft Juergen Michel Haeckiweg 12 8264 Eschenz Schweiz E-Mail: michel@maler-team.ch Vertretungsberechtigte Person(en) Juergen Michel, Gesch\u00e4ftsf\u00fchrer Mehrwertsteuer-Nummer CHE-113.643.231 Haftungsausschluss Der Autor \u00fcbernimmt keinerlei Gew\u00e4hr hinsichtlich der inhaltlichen Richtigkeit, Genauigkeit, Aktualit\u00e4t, Zuverl\u00e4ssigkeit und Vollst\u00e4ndigkeit der Informationen. Haftungsanspr\u00fcche gegen den Autor wegen Sch\u00e4den materieller oder immaterieller Art, welche aus dem Zugriff oder der Nutzung bzw. Nichtnutzung der [&hellip;]","og_url":"https:\/\/www.maler-team.ch\/?page_id=2375","og_site_name":"j. michel malergesch\u00e4ft","article_modified_time":"2020-06-29T11:50:45+00:00","twitter_card":"summary_large_image","twitter_misc":{"Gesch\u00e4tzte Lesezeit":"1\u00a0Minute"},"schema":{"@context":"https:\/\/schema.org","@graph":[{"@type":"WebPage","@id":"https:\/\/www.maler-team.ch\/?page_id=2375","url":"https:\/\/www.maler-team.ch\/?page_id=2375","name":"Impressum - j. michel malergesch\u00e4ft","isPartOf":{"@id":"https:\/\/www.maler-team.ch\/#website"},"datePublished":"2020-06-29T11:48:23+00:00","dateModified":"2020-06-29T11:50:45+00:00","breadcrumb":{"@id":"https:\/\/www.maler-team.ch\/?page_id=2375#breadcrumb"},"inLanguage":"de","potentialAction":[{"@type":"ReadAction","target":["https:\/\/www.maler-team.ch\/?page_id=2375"]}]},{"@type":"BreadcrumbList","@id":"https:\/\/www.maler-team.ch\/?page_id=2375#breadcrumb","itemListElement":[{"@type":"ListItem","position":1,"name":"Startseite","item":"https:\/\/www.maler-team.ch\/"},{"@type":"ListItem","position":2,"name":"Impressum"}]},{"@type":"WebSite","@id":"https:\/\/www.maler-team.ch\/#website","url":"https:\/\/www.maler-team.ch\/","name":"j. michel malergesch\u00e4ft","description":"","publisher":{"@id":"https:\/\/www.maler-team.ch\/#organization"},"potentialAction":[{"@type":"SearchAction","target":{"@type":"EntryPoint","urlTemplate":"https:\/\/www.maler-team.ch\/?s={search_term_string}"},"query-input":{"@type":"PropertyValueSpecification","valueRequired":true,"valueName":"search_term_string"}}],"inLanguage":"de"},{"@type":"Organization","@id":"https:\/\/www.maler-team.ch\/#organization","name":"J. Michel Malergesch\u00e4ft","url":"https:\/\/www.maler-team.ch\/","logo":{"@type":"ImageObject","inLanguage":"de","@id":"https:\/\/www.maler-team.ch\/#\/schema\/logo\/image\/","url":"http:\/\/www.maler-team.ch\/wp-content\/uploads\/2020\/05\/Logo-juergen-scaled.jpg","contentUrl":"http:\/\/www.maler-team.ch\/wp-content\/uploads\/2020\/05\/Logo-juergen-scaled.jpg","width":2560,"height":542,"caption":"J. Michel Malergesch\u00e4ft"},"image":{"@id":"https:\/\/www.maler-team.ch\/#\/schema\/logo\/image\/"}}]}},"_links":{"self":[{"href":"https:\/\/www.maler-team.ch\/index.php?rest_route=\/wp\/v2\/pages\/2375","targetHints":{"allow":["GET"]}}],"collection":[{"href":"https:\/\/www.maler-team.ch\/index.php?rest_route=\/wp\/v2\/pages"}],"about":[{"href":"https:\/\/www.maler-team.ch\/index.php?rest_route=\/wp\/v2\/types\/page"}],"author":[{"embeddable":true,"href":"https:\/\/www.maler-team.ch\/index.php?rest_route=\/wp\/v2\/users\/1"}],"replies":[{"embeddable":true,"href":"https:\/\/www.maler-team.ch\/index.php?rest_route=%2Fwp%2Fv2%2Fcomments&post=2375"}],"version-history":[{"count":4,"href":"https:\/\/www.maler-team.ch\/index.php?rest_route=\/wp\/v2\/pages\/2375\/revisions"}],"predecessor-version":[{"id":2380,"href":"https:\/\/www.maler-team.ch\/index.php?rest_route=\/wp\/v2\/pages\/2375\/revisions\/2380"}],"wp:attachment":[{"href":"https:\/\/www.maler-team.ch\/index.php?rest_route=%2Fwp%2Fv2%2Fmedia&parent=2375"}],"curies":[{"name":"wp","href":"https:\/\/api.w.org\/{rel}","templated":true}]}}